{"version":"1.0","provider_name":"Orvosi v\u00e1llalkoz\u00e1sok \u00fczleti tan\u00e1csad\u00f3ja, DokiMarketing","provider_url":"https:\/\/dokimarketing.cafeblog.hu","author_name":"DokiMarketing","author_url":"https:\/\/dokimarketing.cafeblog.hu\/author\/dokimarketing\/","title":"DokiMarketing- az mire is j\u00f3?","html":"<p style=\"text-align: justify\">Ez a bejegyz\u00e9s egy kicsit a gyerekkori v\u00e1gyaimr\u00f3l sz\u00f3l. Azokr\u00f3l, amelyet egy id\u0151 ut\u00e1n az emberek 99%-a eltemet mag\u00e1ban. Tudod, Te is hallottad a szavakat... \"az \u00e9let nem habostorta\", \"m\u00e1r megint ki akarsz l\u00f3gni a sorb\u00f3l, kisl\u00e1nyom...!\"<\/p>\r\n<p style=\"text-align: justify\">Azonban eltemetett \u00e1llapotukban a v\u00e1gyak csak tetszhalottnak sz\u00e1m\u00edtanak, ezt j\u00f3, ha tudod.<\/p>\r\n<p style=\"text-align: justify\">Ha van egy \u00e9let-feladatod, azt a gyerekkori v\u00e1gyaid f\u00fcl\u00f6ncs\u00edp\u00e9se folyamat\u00e1ban meg\u00e9rtheted, \u00e9s bizony dolgod van vele! Most is.<\/p>\r\n<p>&nbsp;<\/p>\r\n[caption id=\"attachment_4\" align=\"alignleft\" width=\"433\"]<a href=\"https:\/\/dokimarketing.cafeblog.hu\/files\/2016\/01\/A-fekete-erd\u0151-klinika-dogoz\u00f3i.jpg\"><img class=\" wp-image-4\" src=\"https:\/\/dokimarketing.cafeblog.hu\/files\/2016\/01\/A-fekete-erd\u0151-klinika-dogoz\u00f3i-300x185.jpg\" alt=\"Ez csak egy filmsorozat...\" width=\"433\" height=\"267\" \/><\/a> Ez csak egy filmsorozat...[\/caption]\r\n<p>&nbsp;<\/p>\r\n<p>&nbsp;<\/p>\r\n<p>&nbsp;<\/p>\r\n<p>&nbsp;<\/p>\r\n<p>&nbsp;<\/p>\r\n<p>&nbsp;<\/p>\r\n<p>&nbsp;<\/p>\r\n<p style=\"text-align: center\">\u00a0<\/p>\r\n<p style=\"text-align: center\">\u00a0<\/p>\r\n<p style=\"text-align: center\"><strong>A Fekete-erd\u0151 Klinika \u00e9s egy magyar orvos \u00e9lete<\/strong><\/p>\r\n<p>&nbsp;<\/p>\r\n<p style=\"text-align: justify\">Az a gener\u00e1ci\u00f3 vagyok, aki gyerekkor\u00e1ban n\u00e9zte a Fekete-erd\u0151 Klinika c\u00edm\u0171 sorozatot. Kihagyhatatlan volt.<\/p>\r\n<p style=\"text-align: justify\">Ha olyan fiatal vagy, hogy nem tudod, mi ez, csak f\u0151 vonalakban: adott egy n\u00e9met klinika, ahol sz\u00e1munkra elk\u00e9pzelhetetlen luxus k\u00f6r\u00fclm\u00e9nyek k\u00f6z\u00f6tt, mosolyg\u00f3san mennek a dolgok.<\/p>\r\n<p style=\"text-align: justify\">Hildegard n\u0151v\u00e9r m\u00e1r-m\u00e1r groteszk, mert \u0151 a \u201cszigor\u00fa f\u0151n\u0151v\u00e9r\u201d, de ink\u00e1bb vicces. Szerepel m\u00e9g benne Brinkmann professzor, aki egy csod\u00e1latos h\u00e1zban lakik, egy domboldalon. Van neki egy Udo nev\u0171 nag<span class=\"text_exposed_show\">yon helyes fia (a k\u00e9pen jobbr\u00f3l a m\u00e1sodik), aki szint\u00e9n doki (\u0151 p\u00e9ld\u00e1ul egy nyitott tetej\u0171 VW Golf II. aut\u00f3val j\u00e1rt, soha nem felejtem el, nem is tudtam, hogy l\u00e9tezik olyan). Christa n\u0151v\u00e9r, aki \u00e1tk\u00e9pezte mag\u00e1t orvoss\u00e1, \u00e9s a Brinkmann prof feles\u00e9ge lett k\u00e9s\u0151bb. <\/span><\/p>\r\n<p style=\"text-align: justify\"><span class=\"text_exposed_show\">Kicsit csal\u00e1dreg\u00e9ny, kicsit klinik\u00e1s, olyan igazi sorozat-szirup.<\/span><\/p>\r\n<p style=\"text-align: justify\"><span class=\"text_exposed_show\">Ami furcsa volt nekem, azon k\u00edv\u00fcl, hogy Magyarorsz\u00e1gon ilyen nem volt akkor, \u00e9s tal\u00e1n az\u00f3ta sincs ilyen form\u00e1ban, legal\u00e1bbis az \u00e1ltalam l\u00e1tott k\u00f3rh\u00e1zakban biztos nem volt, az az \u00fariember, aki \u00f6lt\u00f6nyben van a feh\u00e9r k\u00f6penyesek k\u00f6z\u00f6tt. \u0150 a k\u00f3rh\u00e1z gazdas\u00e1gi igazgat\u00f3ja, aki nem foglalkozik m\u00e1ssal, csak a gazdas\u00e1gi \u00fcgyekkel, teh\u00e1t az \u00fczlettel.<\/span><\/p>\r\n<p style=\"text-align: justify\"><span class=\"text_exposed_show\">Innen j\u00f6ttem r\u00e1 gyerekkoromban, hogy nem v\u00e9letlen\u00fcl vannak a dolgok \u00fagy n\u00e1lunk, ahogy vannak, \u00e9s nem v\u00e9letlen\u00fcl t\u0171nnek mesebeli k\u00f6r\u00fclm\u00e9nyeknek, amit ebben a filmben l\u00e1tunk. \u00c9s nem v\u00e9letlen az se, hogy a magyar orvosok v\u00e1gynak valami ilyesmire, de itthon ez valami\u00e9rt nincsen.<br \/>Igenis v\u00e1gyunk a j\u00f3 \u00e9letre, mint Brinkmann professzor, legyen j\u00f3 nagy h\u00e1z, meg nyugodt \u00e9let, <\/span><span class=\"text_exposed_show\">meg\u00e9rdemelj\u00fck, nem? <\/span><\/p>\r\n<p style=\"text-align: justify\"><span class=\"text_exposed_show\">J\u00f3, h\u00e1t \u00e9n megkeresem magamnak ezt a lehet\u0151s\u00e9get, ha nincs, akkor pedig megteremtem. Ezt gondoltam. <\/span><\/p>\r\n<p>Err\u0151l \u00edrom a blogot, \u00e9s a v\u00e1llalkoz\u00e1som folyamatos fejl\u0151d\u00e9s\u00e9t k\u00f6vetheted nyomon, ha olvasod.<\/p>\r\n<p><em>Eredetileg ezt a bejegyz\u00e9st 2016. janu\u00e1rj\u00e1ban \u00edrtam, de \u00e1t fogom rakni m\u00e1shov\u00e1, mert a Caf\u00e9blog csak 2020. december 31.- ig m\u0171k\u00f6dik, azt\u00e1n ide nem fogok tudni \u00edrni, \u00e9s amit nem pakolok m\u00e1shov\u00e1, az sajnos el fog veszni.<\/em><\/p>\r\n<p><a href=\"http:\/\/salesautopilot.s3.amazonaws.com\/newsletter\/letter\/nl71829\/ns129892\/subscribe.html\">Ez\u00e9rt arra k\u00e9rlek, annak \u00e9rdek\u00e9ben, hogy minden tov\u00e1bbit is megkapj\u00e1l, iratkozz fel a blog olvas\u00f3i k\u00f6z\u00e9 itt!<\/a><\/p>\r\n<p>OSSZAD, L\u00c1JKOLD, NE K\u00cdM\u00c9LD!<\/p>","type":"rich","thumbnail_url":"https:\/\/dokimarketing.cafeblog.hu\/files\/2016\/01\/A-fekete-erd\u0151-klinika-dogoz\u00f3i-150x150.jpg","thumbnail_width":150,"thumbnail_height":150}